{"id":3269,"date":"2025-03-21T11:08:48","date_gmt":"2025-03-21T08:08:48","guid":{"rendered":"https:\/\/library.ircica.org\/duyuru\/"},"modified":"2025-08-19T13:36:45","modified_gmt":"2025-08-19T10:36:45","slug":"duyuru","status":"publish","type":"page","link":"https:\/\/library.ircica.org\/tr\/duyuru\/","title":{"rendered":"Duyuru"},"content":{"rendered":"\t\t<div data-elementor-type=\"wp-page\" data-elementor-id=\"3269\" class=\"elementor elementor-3269 elementor-2032\" data-elementor-post-type=\"page\">\n\t\t\t\t<div class=\"elementor-element elementor-element-6f641bb e-flex e-con-boxed e-con e-parent\" data-id=\"6f641bb\" data-element_type=\"container\" data-e-type=\"container\">\n\t\t\t\t\t<div class=\"e-con-inner\">\n\t\t\t\t<div class=\"elementor-element elementor-element-707d872 elementor-widget elementor-widget-penci-latest-posts\" data-id=\"707d872\" data-element_type=\"widget\" data-e-type=\"widget\" data-widget_type=\"penci-latest-posts.default\">\n\t\t\t\t<div class=\"elementor-widget-container\">\n\t\t\t\t\t                <div id=\"pencilatest_posts_59802\" class=\"penci-latest-posts-sc penci-latest-posts-grid penci-latest-posts-el penci-el-mixed-s1 penci-std-continue-center penci-std-excerpt-center penci-grid-excerpt-left\">\n\t\t\t\t\t\t\t\t\t\t\t                        <div class=\"penci-border-arrow penci-homepage-title penci-home-latest-posts style-1 pcalign-center pciconp-right pcicon-right\">\n                            <h3 class=\"inner-arrow\">\n                                <span>\n\t\t\t\t\t\t\t\t<span>News<\/span>                                <\/span>\n                            <\/h3>\n\t\t\t\t\t\t\t                        <\/div>\n\t\t\t\t\t                    <div class=\"penci-wrapper-posts-ajax\">\n\n                        <div class=\"penci-wrapper-posts-content pwid-default\">\n\n\t\t\t\t\t\t\t\t\t\t\t\t\t\t\t                                <ul data-cols=\"3\" data-tcols=\"3\" data-mcols=\"2\" data-layout=\"grid\"\n                                    class=\"has-d-cols has-t-cols has-m-cols penci-wrapper-data penci-grid penci-shortcode-render\">\t\t\t\t\t\t\t\t\t\t\t\t\t\t\t\t\t\t\t\t<li class=\"grid-style\">\n    <article id=\"post-4978\" class=\"item hentry\">\n\t\t            <div class=\"thumbnail\">\n\t\t\t\t\t\t\t\t                    <a class=\"penci-image-holder penci-lazy\"\n                       data-bgset=\"https:\/\/library.ircica.org\/wp-content\/uploads\/2026\/04\/DSC_9106-585x390.jpg\"\n                       href=\"https:\/\/library.ircica.org\/tr\/2026\/04\/09\/62-kutuphane-haftasi\/\" title=\"62. K\u00fct\u00fcphane Haftas\u0131\">\n                    <\/a>\n\t\t\t\t\n\t\t\t\t\t\t\t\t\t\t\t\t\t\t\t\t\t\t\t\t\t\t\t\t\t\t\t\t\t\t\t\t\t            <\/div>\n\t\t\n        <div class=\"grid-header-box\">\n\t\t\t\n            <h2 class=\"penci-entry-title entry-title grid-title\"><a\n                        href=\"https:\/\/library.ircica.org\/tr\/2026\/04\/09\/62-kutuphane-haftasi\/\">62. K\u00fct\u00fcphane Haftas\u0131<\/a>\n            <\/h2>\n\t\t\t\t\t<div class=\"penci-hide-tagupdated\">\n\t\t\t<span class=\"author-italic author vcard\">by \t\t\t\t\t\t\t\t\t\t<a class=\"author-url url fn n\"\n\t\t\t\t\t\t\t\t\t\t\thref=\"https:\/\/library.ircica.org\/tr\/author\/ircica\/\">ircica<\/a>\n\t\t\t\t\t\t\t\t\t<\/span>\n\t\t\t<time class=\"entry-date published\" datetime=\"2026-04-09T10:38:17+03:00\">09\/04\/2026<\/time>\t\t<\/div>\n\t\t\t\t\t\t        <\/div>\n\n\t\t            <div class=\"item-content entry-content\">\n\t\t\t\t<p>62. K\u00fct\u00fcphane Haftas\u0131 kapsam\u0131nda IRCICA ara\u015ft\u0131rmac\u0131lar\u0131 i\u00e7in d\u00fczenlenen \u201cIRCICA K\u00fct\u00fcphane ve Ar\u015fiv Programlar\u0131, Kullan\u0131mlar\u0131 ve Ara\u015ft\u0131rma Teknikleri\u201d konulu Bilgilendirme Toplant\u0131s\u0131 31 Mart 2026&#8217;da ger\u00e7ekle\u015ftirildi<\/p>\n            <\/div>\n\t\t\n\t\t\n\t\t    <\/article>\n<\/li>\n<li class=\"grid-style\">\n    <article id=\"post-4620\" class=\"item hentry\">\n\t\t            <div class=\"thumbnail\">\n\t\t\t\t\t\t\t\t                    <a class=\"penci-image-holder penci-lazy\"\n                       data-bgset=\"https:\/\/library.ircica.org\/wp-content\/uploads\/2025\/12\/turkish-radio-and-television-trt-broadcasts-on-collections-in-the-ircicas-archive-1170x658-1-585x390.jpg\"\n                       href=\"https:\/\/library.ircica.org\/tr\/2025\/12\/26\/ircica-arsivindeki-koleksiyonlar-trt-programlarinda-tanitildi\/\" title=\"IRCICA ar\u015fivindeki koleksiyonlar TRT programlar\u0131nda tan\u0131t\u0131ld\u0131\">\n                    <\/a>\n\t\t\t\t\n\t\t\t\t\t\t\t\t\t\t\t\t\t\t\t\t\t\t\t\t\t\t\t\t\t\t\t\t\t\t\t\t\t            <\/div>\n\t\t\n        <div class=\"grid-header-box\">\n\t\t\t\n            <h2 class=\"penci-entry-title entry-title grid-title\"><a\n                        href=\"https:\/\/library.ircica.org\/tr\/2025\/12\/26\/ircica-arsivindeki-koleksiyonlar-trt-programlarinda-tanitildi\/\">IRCICA ar\u015fivindeki koleksiyonlar TRT programlar\u0131nda tan\u0131t\u0131ld\u0131<\/a>\n            <\/h2>\n\t\t\t\t\t<div class=\"penci-hide-tagupdated\">\n\t\t\t<span class=\"author-italic author vcard\">by \t\t\t\t\t\t\t\t\t\t<a class=\"author-url url fn n\"\n\t\t\t\t\t\t\t\t\t\t\thref=\"https:\/\/library.ircica.org\/tr\/author\/ircica\/\">ircica<\/a>\n\t\t\t\t\t\t\t\t\t<\/span>\n\t\t\t<time class=\"entry-date published\" datetime=\"2025-12-26T09:43:20+03:00\">26\/12\/2025<\/time>\t\t<\/div>\n\t\t\t\t\t\t        <\/div>\n\n\t\t            <div class=\"item-content entry-content\">\n\t\t\t\t<p>IRCICA, ar\u015fivinde bulunan de\u011ferli tarihi foto\u011fraf ve nadir materyal koleksiyonlar\u0131n\u0131 kademeli olarak dijital formatta eri\u015fime a\u00e7arak d\u00fcnya \u00e7ap\u0131nda ilgililerin istifadesine sunuyor. Bu konuda TRT taraf\u0131ndan haz\u0131rlanan iki ayr\u0131 belgesel film &#8230;<\/p>\n            <\/div>\n\t\t\n\t\t\n\t\t    <\/article>\n<\/li>\n<li class=\"grid-style\">\n    <article id=\"post-4446\" class=\"item hentry\">\n\t\t            <div class=\"thumbnail\">\n\t\t\t\t\t\t\t\t                    <a class=\"penci-image-holder penci-lazy\"\n                       data-bgset=\"https:\/\/library.ircica.org\/wp-content\/uploads\/2025\/09\/WhatsApp-Image-2025-09-24-at-09.44.20-585x390.jpeg\"\n                       href=\"https:\/\/library.ircica.org\/tr\/2025\/09\/24\/nuri-arlasezle-hatiralar-ve-ircicadaki-koleksiyonu\/\" title=\"NUR\u0130 ARLASEZ&#8217;LE HATIRALAR VE IRCICA&#8217;DAK\u0130 KOLEKS\u0130YONU\">\n                    <\/a>\n\t\t\t\t\n\t\t\t\t\t\t\t\t\t\t\t\t\t\t\t\t\t\t\t\t\t\t\t\t\t\t\t\t\t\t\t\t\t            <\/div>\n\t\t\n        <div class=\"grid-header-box\">\n\t\t\t\n            <h2 class=\"penci-entry-title entry-title grid-title\"><a\n                        href=\"https:\/\/library.ircica.org\/tr\/2025\/09\/24\/nuri-arlasezle-hatiralar-ve-ircicadaki-koleksiyonu\/\">NUR\u0130 ARLASEZ&#8217;LE HATIRALAR VE IRCICA&#8217;DAK\u0130 KOLEKS\u0130YONU<\/a>\n            <\/h2>\n\t\t\t\t\t<div class=\"penci-hide-tagupdated\">\n\t\t\t<span class=\"author-italic author vcard\">by \t\t\t\t\t\t\t\t\t\t<a class=\"author-url url fn n\"\n\t\t\t\t\t\t\t\t\t\t\thref=\"https:\/\/library.ircica.org\/tr\/author\/ircica\/\">ircica<\/a>\n\t\t\t\t\t\t\t\t\t<\/span>\n\t\t\t<time class=\"entry-date published\" datetime=\"2025-09-24T11:11:58+03:00\">24\/09\/2025<\/time>\t\t<\/div>\n\t\t\t\t\t\t        <\/div>\n\n\t\t            <div class=\"item-content entry-content\">\n\t\t\t\t<p>NUR\u0130 ARLASEZ&#8217;LE HATIRALAR VE IRCICA&#8217;DAK\u0130 KOLEKS\u0130YONU<\/p>\n            <\/div>\n\t\t\n\t\t\n\t\t    <\/article>\n<\/li>\n<li class=\"grid-style\">\n    <article id=\"post-3255\" class=\"item hentry\">\n\t\t            <div class=\"thumbnail\">\n\t\t\t\t\t\t\t\t                    <a class=\"penci-image-holder penci-lazy\"\n                       data-bgset=\"https:\/\/library.ircica.org\/wp-content\/uploads\/2025\/05\/1-585x390.jpg\"\n                       href=\"https:\/\/library.ircica.org\/tr\/2025\/05\/05\/research-data-management-and-librarians\/\" title=\"Ara\u015ft\u0131rma Veri Y\u00f6netimi ve K\u00fct\u00fcphaneciler\">\n                    <\/a>\n\t\t\t\t\n\t\t\t\t\t\t\t\t\t\t\t\t\t\t\t\t\t\t\t\t\t\t\t\t\t\t\t\t\t\t\t\t\t            <\/div>\n\t\t\n        <div class=\"grid-header-box\">\n\t\t\t\n            <h2 class=\"penci-entry-title entry-title grid-title\"><a\n                        href=\"https:\/\/library.ircica.org\/tr\/2025\/05\/05\/research-data-management-and-librarians\/\">Ara\u015ft\u0131rma Veri Y\u00f6netimi ve K\u00fct\u00fcphaneciler<\/a>\n            <\/h2>\n\t\t\t\t\t<div class=\"penci-hide-tagupdated\">\n\t\t\t<span class=\"author-italic author vcard\">by \t\t\t\t\t\t\t\t\t\t<a class=\"author-url url fn n\"\n\t\t\t\t\t\t\t\t\t\t\thref=\"https:\/\/library.ircica.org\/tr\/author\/ircica\/\">ircica<\/a>\n\t\t\t\t\t\t\t\t\t<\/span>\n\t\t\t<time class=\"entry-date published\" datetime=\"2025-05-05T08:04:51+03:00\">05\/05\/2025<\/time>\t\t<\/div>\n\t\t\t\t\t\t        <\/div>\n\n\t\t            <div class=\"item-content entry-content\">\n\t\t\t\t<p>IRCICA ve \u00d6zbekistan \u0130mam Buhari Uluslararas\u0131 Bilimsel Ara\u015ft\u0131rma Merkezi taraf\u0131ndan d\u00fczenlenen ortak \u00e7evrimi\u00e7i seminerler dizisinde bu haftan\u0131n konuk konu\u015fmac\u0131s\u0131 IRCICA K\u00fct\u00fcphane ve Ar\u015fiv Ba\u015fkan\u0131 Dr. Didar Bay\u0131r, \u201cAra\u015ft\u0131rma Verilerinin Y\u00f6netimi &#8230;<\/p>\n            <\/div>\n\t\t\n\t\t\n\t\t    <\/article>\n<\/li>\n<li class=\"grid-style\">\n    <article id=\"post-3491\" class=\"item hentry\">\n\t\t            <div class=\"thumbnail\">\n\t\t\t\t\t\t\t\t                    <a class=\"penci-image-holder penci-lazy\"\n                       data-bgset=\"https:\/\/library.ircica.org\/wp-content\/uploads\/2025\/05\/2-585x390.jpg\"\n                       href=\"https:\/\/library.ircica.org\/tr\/2025\/05\/05\/nadir-eserlerde-vaka-calismalari\/\" title=\"Nadir Eserlerde Vaka \u00c7al\u0131\u015fmalar\u0131\">\n                    <\/a>\n\t\t\t\t\n\t\t\t\t\t\t\t\t\t\t\t\t\t\t\t\t\t\t\t\t\t\t\t\t\t\t\t\t\t\t\t\t\t            <\/div>\n\t\t\n        <div class=\"grid-header-box\">\n\t\t\t\n            <h2 class=\"penci-entry-title entry-title grid-title\"><a\n                        href=\"https:\/\/library.ircica.org\/tr\/2025\/05\/05\/nadir-eserlerde-vaka-calismalari\/\">Nadir Eserlerde Vaka \u00c7al\u0131\u015fmalar\u0131<\/a>\n            <\/h2>\n\t\t\t\t\t<div class=\"penci-hide-tagupdated\">\n\t\t\t<span class=\"author-italic author vcard\">by \t\t\t\t\t\t\t\t\t\t<a class=\"author-url url fn n\"\n\t\t\t\t\t\t\t\t\t\t\thref=\"https:\/\/library.ircica.org\/tr\/author\/ircica\/\">ircica<\/a>\n\t\t\t\t\t\t\t\t\t<\/span>\n\t\t\t<time class=\"entry-date published\" datetime=\"2025-05-05T08:03:40+03:00\">05\/05\/2025<\/time>\t\t<\/div>\n\t\t\t\t\t\t        <\/div>\n\n\t\t            <div class=\"item-content entry-content\">\n\t\t\t\t<p>IRCICA K\u00fct\u00fcphane ve Ar\u015fivi M\u00fcd\u00fcr Yard\u0131mc\u0131s\u0131 Sn. Neslihan Sandal \u0130stanbul Medeniyet \u00dcniversitesi taraf\u0131ndan 19 Aral\u0131k 2024\u2019te d\u00fczenlenen Nadir Eserler Konferans\u0131\u2019n\u0131n \u201cNadir Eserlerde Vaka \u00c7al\u0131\u015fmalar\u0131\u201d ba\u015fl\u0131kl\u0131 oturumunda \u201cNadir Eserlerin Say\u0131salla\u015ft\u0131r\u0131lmas\u0131 ve &#8230;<\/p>\n            <\/div>\n\t\t\n\t\t\n\t\t    <\/article>\n<\/li>\n<li class=\"grid-style\">\n    <article id=\"post-3493\" class=\"item hentry\">\n\t\t            <div class=\"thumbnail\">\n\t\t\t\t\t\t\t\t                    <a class=\"penci-image-holder penci-lazy\"\n                       data-bgset=\"https:\/\/library.ircica.org\/wp-content\/uploads\/2025\/05\/3-585x390.jpg\"\n                       href=\"https:\/\/library.ircica.org\/tr\/2025\/05\/05\/yazma-eserler-ve-dijitallesme\/\" title=\"Yazma Eserler ve Dijitalle\u015fme\">\n                    <\/a>\n\t\t\t\t\n\t\t\t\t\t\t\t\t\t\t\t\t\t\t\t\t\t\t\t\t\t\t\t\t\t\t\t\t\t\t\t\t\t            <\/div>\n\t\t\n        <div class=\"grid-header-box\">\n\t\t\t\n            <h2 class=\"penci-entry-title entry-title grid-title\"><a\n                        href=\"https:\/\/library.ircica.org\/tr\/2025\/05\/05\/yazma-eserler-ve-dijitallesme\/\">Yazma Eserler ve Dijitalle\u015fme<\/a>\n            <\/h2>\n\t\t\t\t\t<div class=\"penci-hide-tagupdated\">\n\t\t\t<span class=\"author-italic author vcard\">by \t\t\t\t\t\t\t\t\t\t<a class=\"author-url url fn n\"\n\t\t\t\t\t\t\t\t\t\t\thref=\"https:\/\/library.ircica.org\/tr\/author\/ircica\/\">ircica<\/a>\n\t\t\t\t\t\t\t\t\t<\/span>\n\t\t\t<time class=\"entry-date published\" datetime=\"2025-05-05T07:59:51+03:00\">05\/05\/2025<\/time>\t\t<\/div>\n\t\t\t\t\t\t        <\/div>\n\n\t\t            <div class=\"item-content entry-content\">\n\t\t\t\t<p>T\u00fcrkiye Yazma Eserler Kurumu Ba\u015fkanl\u0131\u011f\u0131\u2019n\u0131n 27 \u015eubat 2025\u2019te Rami K\u00fct\u00fcphanesi Yerle\u015fkesinde d\u00fczenleyece\u011fi \u201cYazma Eserler ve Dijitalle\u015fme\u201d \u00c7al\u0131\u015ftay\u0131nda IRCICA K\u00fct\u00fcphane ve Ar\u015fivi Vekil M\u00fcd\u00fcr\u00fc Neslihan Sandal taraf\u0131ndan \u201cIRCICA K\u00fct\u00fcphane ve Ar\u015fivinde &#8230;<\/p>\n            <\/div>\n\t\t\n\t\t\n\t\t    <\/article>\n<\/li>\n\n\t\t\t\t\t\t\t\t\t\t\t\t\t\t\t\t\t\t\t\t\t\t\t\t\t\t\t\t<\/ul>\n\t\t\t\t\t\t\t\t\t\t\t\t\t\t<div class=\"penci-pagination align-left\"><ul class='page-numbers'>\n\t<li><span aria-current=\"page\" class=\"page-numbers current\">1<\/span><\/li>\n\t<li><a class=\"page-numbers\" href=\"https:\/\/library.ircica.org\/tr\/wp-json\/wp\/v2\/pages\/3269\/page\/2\/\">2<\/a><\/li>\n\t<li><a class=\"next page-numbers\" href=\"https:\/\/library.ircica.org\/tr\/wp-json\/wp\/v2\/pages\/3269\/page\/2\/\"><i class=\"penci-faicon fa fa-angle-right\" ><\/i><\/a><\/li>\n<\/ul>\n<\/div>\t\t\t\t\t\t\t                        <\/div>\n\n\t\t\t\t\t\t                    <\/div>\n                <\/div>\n\t\t\t            <style>\n                                                                                                                                                                            <\/style>\n\t\t\t\t\t\t\t<\/div>\n\t\t\t\t<\/div>\n\t\t\t\t\t<\/div>\n\t\t\t\t<\/div>\n\t\t\t\t<\/div>\n\t\t","protected":false},"excerpt":{"rendered":"<p>News Bookmark Research Data Management and Librarians by ircica 05\/05\/2025 In the series of joint online seminars organized by IRCICA and Imam Bukhari International Scientific Research Center, Uzbekistan, this week\u2019s&hellip;<\/p>\n","protected":false},"author":2,"featured_media":0,"parent":0,"menu_order":0,"comment_status":"closed","ping_status":"closed","template":"page-fullwidth.php","meta":{"_lmt_disableupdate":"no","_lmt_disable":"","footnotes":""},"class_list":["post-3269","page","type-page","status-publish","hentry"],"_links":{"self":[{"href":"https:\/\/library.ircica.org\/tr\/wp-json\/wp\/v2\/pages\/3269","targetHints":{"allow":["GET"]}}],"collection":[{"href":"https:\/\/library.ircica.org\/tr\/wp-json\/wp\/v2\/pages"}],"about":[{"href":"https:\/\/library.ircica.org\/tr\/wp-json\/wp\/v2\/types\/page"}],"author":[{"embeddable":true,"href":"https:\/\/library.ircica.org\/tr\/wp-json\/wp\/v2\/users\/2"}],"replies":[{"embeddable":true,"href":"https:\/\/library.ircica.org\/tr\/wp-json\/wp\/v2\/comments?post=3269"}],"version-history":[{"count":1,"href":"https:\/\/library.ircica.org\/tr\/wp-json\/wp\/v2\/pages\/3269\/revisions"}],"predecessor-version":[{"id":4083,"href":"https:\/\/library.ircica.org\/tr\/wp-json\/wp\/v2\/pages\/3269\/revisions\/4083"}],"wp:attachment":[{"href":"https:\/\/library.ircica.org\/tr\/wp-json\/wp\/v2\/media?parent=3269"}],"curies":[{"name":"wp","href":"https:\/\/api.w.org\/{rel}","templated":true}]}}