{"id":3292,"date":"2024-11-27T06:37:40","date_gmt":"2024-11-27T03:37:40","guid":{"rendered":"https:\/\/library.ircica.org\/kvkk-aydinlatma-metni\/"},"modified":"2025-08-19T13:38:13","modified_gmt":"2025-08-19T10:38:13","slug":"kvkk-aydinlatma-metni","status":"publish","type":"page","link":"https:\/\/library.ircica.org\/tr\/kvkk-aydinlatma-metni\/","title":{"rendered":"KVKK Ayd\u0131nlatma Metni"},"content":{"rendered":"\t\t<div data-elementor-type=\"wp-page\" data-elementor-id=\"3292\" class=\"elementor elementor-3292 elementor-3\" data-elementor-post-type=\"page\">\n\t\t\t\t<div class=\"elementor-element elementor-element-432897ee e-flex e-con-boxed e-con e-parent\" data-id=\"432897ee\" data-element_type=\"container\" data-e-type=\"container\">\n\t\t\t\t\t<div class=\"e-con-inner\">\n\t\t\t\t<div class=\"elementor-element elementor-element-39ed4bbf elementor-widget elementor-widget-text-editor\" data-id=\"39ed4bbf\" data-element_type=\"widget\" data-e-type=\"widget\" data-widget_type=\"text-editor.default\">\n\t\t\t\t<div class=\"elementor-widget-container\">\n\t\t\t\t\t\t\t\t\t<p><strong>6698 SAYILI K\u0130\u015e\u0130SEL VER\u0130LER\u0130N KORUNMASI KANUNU (\u201cKVKK\u201d) UYARINCA Z\u0130YARET\u00c7\u0130<\/strong> <strong>AYDINLATMA METN\u0130<\/strong><\/p>\n<p>\u0130slam Tarih, Sanat ve K\u00fclt\u00fcr Ara\u015ft\u0131rma Merkezi (\u201c<strong>Kurum<\/strong>\u201d); Ki\u015fisel Verilerin Korunmas\u0131 Kanunu (\u201c<strong>KVKK<\/strong>\u201d ya da \u201c<strong>Kanun<\/strong>\u201d) uyar\u0131nca, ki\u015fisel verilerinizin i\u015flenmesine ili\u015fkin ama\u00e7, kapsam, s\u00fcreler ve sizi etkileyebilecek di\u011fer hususlar hakk\u0131nda bilgilendirme amac\u0131yla bu ayd\u0131nlatma metni haz\u0131rlanm\u0131\u015ft\u0131r.<\/p>\n<p>Ki\u015fisel verilerinizin;<\/p>\n<ul>\n<li>i\u015flenmelerini gerektiren ama\u00e7 \u00e7er\u00e7evesinde ve bu ama\u00e7 ile ba\u011flant\u0131l\u0131, s\u0131n\u0131rl\u0131 ve \u00f6l\u00e7\u00fcl\u00fc \u015fekilde,<\/li>\n<\/ul>\n<ul>\n<li>taraf\u0131m\u0131za bildirdi\u011finiz veya bildirildi\u011fi \u015fekliyle ki\u015fisel verilerin do\u011frulu\u011funu ve en g\u00fcncel halini koruyarak,<\/li>\n<\/ul>\n<ul>\n<li>kaydedilece\u011fini, depolanaca\u011f\u0131n\u0131, muhafaza edilece\u011fini, yeniden d\u00fczenlenece\u011fini, kanunen bu ki\u015fisel verileri talep etmeye yetkili olan kurumlar ile payla\u015f\u0131laca\u011f\u0131n\u0131 ve KVKK\u2019n\u0131n \u00f6ng\u00f6rd\u00fc\u011f\u00fc \u015fartlarda, \u00fc\u00e7\u00fcnc\u00fc ki\u015filere aktar\u0131laca\u011f\u0131n\u0131, devredilece\u011fini, s\u0131n\u0131fland\u0131r\u0131labilece\u011fini ve KVKK\u2019da say\u0131lan sair \u015fekillerde i\u015flenebilece\u011fini, bildiririz. <\/li>\n<\/ul>\n<p> <\/p>\n<p>Kurum taraf\u0131ndan ziyaret\u00e7ilerin kendileri taraf\u0131ndan sa\u011flanan a\u015fa\u011f\u0131da say\u0131lan ki\u015fisel veriler i\u015flenebilecektir.<\/p>\n<div class=\"pcrstb-wrap\"><table width=\"600\">\n<tbody>\n<tr>\n<td width=\"222\">\n<p>Kimlik Verisi:<\/p>\n<\/td>\n<td width=\"378\">\n<p>Ad, soyad\u0131.<\/p>\n<\/td>\n<\/tr>\n<tr>\n<td width=\"222\">\n<p>\u0130leti\u015fim Verisi:<\/p>\n<\/td>\n<td width=\"378\">\n<p>Kurum bilgisi.<\/p>\n<\/td>\n<\/tr>\n<tr>\n<td width=\"222\">\n<p>Fiziksel Mekan G\u00fcvenli\u011fi:<\/p>\n<\/td>\n<td width=\"378\">\n<p>Kamera g\u00f6r\u00fcnt\u00fcs\u00fc.<\/p>\n<\/td>\n<\/tr>\n<\/tbody>\n<\/table><\/div>\n<p>Kurum ki\u015fisel verilerin hukuka ayk\u0131r\u0131 olarak i\u015flenmesini \u00f6nlemek, verilere hukuka ayk\u0131r\u0131 olarak eri\u015filmesini \u00f6nlemek, ki\u015fisel verilerin muhafazas\u0131n\u0131 sa\u011flamak amac\u0131yla uygun g\u00fcvenlik d\u00fczeyini sa\u011flamaya y\u00f6nelik gerekli her t\u00fcrl\u00fc teknik ve idari tedbirleri alma y\u00fck\u00fcml\u00fcl\u00fcklerine uymaktad\u0131r. Kurumumuz, ilgili kanunlarda ve mevzuatlarda \u00f6ng\u00f6r\u00fclmesi durumunda ki\u015fisel verileri bu mevzuatlarda belirtilen s\u00fcre boyunca saklamaktad\u0131r. S\u00f6z konusu s\u00fcre sona erdikten sonra ki\u015fisel veriler silinmekte, yok edilmekte veya anonim hale getirilmektedir.  <\/p>\n<p><strong>Ki\u015fisel Veri Sahibinin Haklar\u0131<\/strong><\/p>\n<p>Ki\u015fisel veri sahipleri olarak, haklar\u0131n\u0131za ili\u015fkin taleplerinizi Kurumumuza iletmeniz durumunda talebin niteli\u011fine g\u00f6re en k\u0131sa s\u00fcrede ve en ge\u00e7 otuz (30) g\u00fcn i\u00e7inde sonu\u00e7land\u0131r\u0131lacakt\u0131r. Bu kapsamda veri sahipleri, <\/p>\n<ul>\n<li>Ki\u015fisel veri i\u015flenip i\u015flenmedi\u011fini \u00f6\u011frenme ve i\u015flenmi\u015fse buna ili\u015fkin bilgi talep etme,<\/li>\n<li>Ki\u015fisel verilerin i\u015flenme amac\u0131n\u0131 ve bunlar\u0131n amac\u0131na uygun kullan\u0131l\u0131p kullan\u0131lmad\u0131\u011f\u0131n\u0131 \u00f6\u011frenme,<\/li>\n<li>Yurt i\u00e7inde veya yurt d\u0131\u015f\u0131nda ki\u015fisel verilerin aktar\u0131ld\u0131\u011f\u0131 \u00fc\u00e7\u00fcnc\u00fc ki\u015fileri bilme,<\/li>\n<li>Ki\u015fisel verilerin eksik veya yanl\u0131\u015f i\u015flenmi\u015f olmas\u0131 h\u00e2linde bunlar\u0131n d\u00fczeltilmesini isteme ve bu kapsamda yap\u0131lan i\u015flemin ki\u015fisel verilerin aktar\u0131ld\u0131\u011f\u0131 \u00fc\u00e7\u00fcnc\u00fc ki\u015filere bildirilmesini isteme,<\/li>\n<li>Kanun ve ilgili di\u011fer kanun h\u00fck\u00fcmlerine uygun olarak i\u015flenmi\u015f olmas\u0131na ra\u011fmen, i\u015flenmesini gerektiren sebeplerin ortadan kalkmas\u0131 h\u00e2linde ki\u015fisel verilerin silinmesini veya yok edilmesini isteme ve bu kapsamda yap\u0131lan i\u015flemin ki\u015fisel verilerin aktar\u0131ld\u0131\u011f\u0131 \u00fc\u00e7\u00fcnc\u00fc ki\u015filere bildirilmesini isteme,<\/li>\n<li>\u0130\u015flenen verilerin m\u00fcnhas\u0131ran otomatik sistemler vas\u0131tas\u0131yla analiz edilmesi suretiyle ki\u015finin kendisi aleyhine bir sonucun ortaya \u00e7\u0131kmas\u0131na itiraz etme,<\/li>\n<\/ul>\n<p>Ki\u015fisel verilerin kanuna ayk\u0131r\u0131 olarak i\u015flenmesi sebebiyle zarara u\u011framas\u0131 h\u00e2linde zarar\u0131n giderilmesini talep etme haklar\u0131na sahiptir<\/p>\t\t\t\t\t\t\t\t<\/div>\n\t\t\t\t<\/div>\n\t\t\t\t\t<\/div>\n\t\t\t\t<\/div>\n\t\t\t\t<\/div>\n\t\t","protected":false},"excerpt":{"rendered":"<p>6698 SAYILI K\u0130\u015e\u0130SEL VER\u0130LER\u0130N KORUNMASI KANUNU (\u201cKVKK\u201d) UYARINCA Z\u0130YARET\u00c7\u0130 AYDINLATMA METN\u0130 \u0130slam Tarih, Sanat ve K\u00fclt\u00fcr Ara\u015ft\u0131rma Merkezi (\u201cKurum\u201d); Ki\u015fisel Verilerin Korunmas\u0131 Kanunu (\u201cKVKK\u201d ya da \u201cKanun\u201d) uyar\u0131nca, ki\u015fisel verilerinizin&hellip;<\/p>\n","protected":false},"author":1,"featured_media":0,"parent":0,"menu_order":0,"comment_status":"closed","ping_status":"open","template":"","meta":{"_lmt_disableupdate":"no","_lmt_disable":"","footnotes":""},"class_list":["post-3292","page","type-page","status-publish","hentry"],"_links":{"self":[{"href":"https:\/\/library.ircica.org\/tr\/wp-json\/wp\/v2\/pages\/3292","targetHints":{"allow":["GET"]}}],"collection":[{"href":"https:\/\/library.ircica.org\/tr\/wp-json\/wp\/v2\/pages"}],"about":[{"href":"https:\/\/library.ircica.org\/tr\/wp-json\/wp\/v2\/types\/page"}],"author":[{"embeddable":true,"href":"https:\/\/library.ircica.org\/tr\/wp-json\/wp\/v2\/users\/1"}],"replies":[{"embeddable":true,"href":"https:\/\/library.ircica.org\/tr\/wp-json\/wp\/v2\/comments?post=3292"}],"version-history":[{"count":1,"href":"https:\/\/library.ircica.org\/tr\/wp-json\/wp\/v2\/pages\/3292\/revisions"}],"predecessor-version":[{"id":4093,"href":"https:\/\/library.ircica.org\/tr\/wp-json\/wp\/v2\/pages\/3292\/revisions\/4093"}],"wp:attachment":[{"href":"https:\/\/library.ircica.org\/tr\/wp-json\/wp\/v2\/media?parent=3292"}],"curies":[{"name":"wp","href":"https:\/\/api.w.org\/{rel}","templated":true}]}}